{"id":2,"date":"2013-01-20T14:01:41","date_gmt":"2013-01-20T14:01:41","guid":{"rendered":"http:\/\/www.mascarille.com\/jlat\/?page_id=2"},"modified":"2024-10-09T10:49:37","modified_gmt":"2024-10-09T09:49:37","slug":"page-d-exemple","status":"publish","type":"page","link":"https:\/\/auteursdetheatre.org\/?page_id=2","title":{"rendered":"Contacts"},"content":{"rendered":"<p>Pour nous joindre, le plus simple est\u00a0d\u2019utiliser\u00a0notre <strong>courriel<\/strong> :<\/p>\n<p style=\"padding-left: 30px;\"><a href=\"mailto:journeesdelyon@gmail.com\">journeesdelyon@gmail.com<\/a><\/p>\n<p><strong>Adresse postale<\/strong> :<\/p>\n<p style=\"padding-left: 30px;\">Journ\u00e9es de Lyon des autrices et auteurs de Th\u00e9\u00e2tre<br \/>\nM\u00e9diath\u00e8que de Vaise<br \/>\nPlace Valmy<br \/>\n69009 Lyon 9\u00e8me<\/p>\n<p><strong>T\u00e9l\u00e9phone<\/strong> (Attention le r\u00e9pondeur ne fonctionne plus, merci d&rsquo;envoyer un mail si vous ne parvenez pas \u00e0 nous joindre par t\u00e9l\u00e9phone)<\/p>\n<p style=\"padding-left: 30px;\">+33 4 72 85 09 04<\/p>\n","protected":false},"excerpt":{"rendered":"<p>Pour nous joindre, le plus simple est\u00a0d\u2019utiliser\u00a0notre courriel : journeesdelyon@gmail.com Adresse postale : Journ\u00e9es de Lyon des autrices et auteurs de Th\u00e9\u00e2tre M\u00e9diath\u00e8que de Vaise Place Valmy 69009 Lyon 9\u00e8me T\u00e9l\u00e9phone (Attention le r\u00e9pondeur ne fonctionne plus, merci d&rsquo;envoyer un mail si vous ne parvenez pas \u00e0 nous joindre par t\u00e9l\u00e9phone) +33 4 72 85 [&hellip;]<\/p>\n","protected":false},"author":2,"featured_media":0,"parent":0,"menu_order":5,"comment_status":"closed","ping_status":"open","template":"","meta":{"footnotes":""},"jetpack_sharing_enabled":true,"jetpack_shortlink":"https:\/\/wp.me\/P9n5dd-2","jetpack_likes_enabled":false,"jetpack-related-posts":[{"id":892,"url":"https:\/\/auteursdetheatre.org\/?page_id=892","url_meta":{"origin":2,"position":0},"title":"APPEL A TEXTES  \u2013 R\u00e8glement","author":"mascarille","date":"1 septembre 2020","format":false,"excerpt":"Journ\u00e9es de Lyon des Autrices et Auteurs de Th\u00e9\u00e2treAppel \u00e0 textes dramatiques - \u00e9dition 2027 - modalit\u00e9s de candidature - Dates de candidature : 1er janvier au 31 janvier 2026 1 \u2014 OBJECTIFSLes Journ\u00e9es de Lyon des Autrices et Auteurs de Th\u00e9\u00e2tre (JLAAT) ont pour objectif de d\u00e9couvrir et faire\u2026","rel":"","context":"Article similaire","block_context":{"text":"Article similaire","link":""},"img":{"alt_text":"","src":"https:\/\/i0.wp.com\/auteursdetheatre.org\/wp-content\/uploads\/2024\/12\/logo-JLAAT.png?resize=350%2C200&ssl=1","width":350,"height":200},"classes":[]},{"id":50,"url":"https:\/\/auteursdetheatre.org\/?page_id=50","url_meta":{"origin":2,"position":1},"title":"L&rsquo;Association","author":"zeizig","date":"20 janvier 2013","format":false,"excerpt":"Objectifs L'association Les Journ\u00e9es de Lyon des autrices et auteurs de th\u00e9\u00e2tre organise depuis 1989 un concours qui est aujourd'hui le plus important concours d\u2019\u00e9criture dramatique francophone.Nous recevons d\u00e9sormais chaque ann\u00e9e plusieurs centaines de\u00a0manuscrits.Cette notori\u00e9t\u00e9 est due \u00e0 la\u00a0qualit\u00e9 des prix r\u00e9compensant les laur\u00e9ats : Les \u0153uvres s\u00e9lectionn\u00e9es sont \u00e9dit\u00e9es\u2026","rel":"","context":"Article similaire","block_context":{"text":"Article similaire","link":""},"img":{"alt_text":"","src":"https:\/\/i0.wp.com\/auteursdetheatre.org\/wp-content\/uploads\/2024\/10\/Logos-partenaires-V3-1.png?resize=350%2C200&ssl=1","width":350,"height":200},"classes":[]},{"id":733,"url":"https:\/\/auteursdetheatre.org\/?page_id=733","url_meta":{"origin":2,"position":2},"title":"Mentions l\u00e9gales","author":"mascarille","date":"23 octobre 2018","format":false,"excerpt":"Gestionnaire du site, h\u00e9bergeur, directeur de la publication : Emile Z E I Z I G, pr\u00e9sident des Journ\u00e9es de Lyon des Autrices et Auteurs de Th\u00e9\u00e2tre - 11 Boulevard de Narcel, 69110 Ste Foy Les Lyon - zeizig @ gmail.com - tel : +33 (0) 6 07 24 46\u2026","rel":"","context":"Article similaire","block_context":{"text":"Article similaire","link":""},"img":{"alt_text":"","src":"","width":0,"height":0},"classes":[]},{"id":1084,"url":"https:\/\/auteursdetheatre.org\/?page_id=1084","url_meta":{"origin":2,"position":3},"title":"Festival Les Contemporaines","author":"mascarille","date":"11 avril 2022","format":false,"excerpt":"Festival d\u2019\u00e9critures contemporaines francophones en m\u00e9tropole lyonnaise \u00c9v\u00e8nement co-organis\u00e9 par Les Journ\u00e9es de Lyon des Autrices et Auteurs de Th\u00e9\u00e2tre et En Acte(s). DU 13 AU 17 MAI 2025 Le programme \u00e0 t\u00e9l\u00e9charger ici Le projet Accompagner les auteur\u00b7e\u00b7s dans toutes les dimensions de leur m\u00e9tier 100 auteur\u00b7e\u00b7s et artistes\u2026","rel":"","context":"Dans &quot;En_tete&quot;","block_context":{"text":"En_tete","link":"https:\/\/auteursdetheatre.org\/?cat=6"},"img":{"alt_text":"","src":"https:\/\/i0.wp.com\/auteursdetheatre.org\/wp-content\/uploads\/2025\/05\/PEZT3802.jpg?resize=350%2C200&ssl=1","width":350,"height":200},"classes":[]},{"id":22,"url":"https:\/\/auteursdetheatre.org\/?page_id=22","url_meta":{"origin":2,"position":4},"title":"Palmar\u00e8s","author":"zeizig","date":"20 janvier 2013","format":false,"excerpt":"2026 Les textes laur\u00e9ats 2026 des Journ\u00e9es de Lyon seront mis en espace dans le cadre du Festival Les Contemporaines coorganis\u00e9 avec En Acte(s) qui aura lieu \u00e0 L'Assembl\u00e9e, Fabrique Artistique \u00e0 Lyon 3 du d\u00e9but mai 2026, . LAUR\u00c9ATS : \u2022 Julie AMINTHE, L214 \u2022 Marcos CARAM\u00c8S-BLANCO, Bois br\u00fbl\u00e9\u2026","rel":"","context":"Article similaire","block_context":{"text":"Article similaire","link":""},"img":{"alt_text":"","src":"","width":0,"height":0},"classes":[]}],"_links":{"self":[{"href":"https:\/\/auteursdetheatre.org\/index.php?rest_route=\/wp\/v2\/pages\/2"}],"collection":[{"href":"https:\/\/auteursdetheatre.org\/index.php?rest_route=\/wp\/v2\/pages"}],"about":[{"href":"https:\/\/auteursdetheatre.org\/index.php?rest_route=\/wp\/v2\/types\/page"}],"author":[{"embeddable":true,"href":"https:\/\/auteursdetheatre.org\/index.php?rest_route=\/wp\/v2\/users\/2"}],"replies":[{"embeddable":true,"href":"https:\/\/auteursdetheatre.org\/index.php?rest_route=%2Fwp%2Fv2%2Fcomments&post=2"}],"version-history":[{"count":18,"href":"https:\/\/auteursdetheatre.org\/index.php?rest_route=\/wp\/v2\/pages\/2\/revisions"}],"predecessor-version":[{"id":1912,"href":"https:\/\/auteursdetheatre.org\/index.php?rest_route=\/wp\/v2\/pages\/2\/revisions\/1912"}],"wp:attachment":[{"href":"https:\/\/auteursdetheatre.org\/index.php?rest_route=%2Fwp%2Fv2%2Fmedia&parent=2"}],"curies":[{"name":"wp","href":"https:\/\/api.w.org\/{rel}","templated":true}]}}